{"id":17400,"date":"2023-02-23T08:20:22","date_gmt":"2023-02-23T07:20:22","guid":{"rendered":"https:\/\/digitaljustice.uwr.edu.pl\/?page_id=17400"},"modified":"2026-02-18T16:23:19","modified_gmt":"2026-02-18T15:23:19","slug":"presentations","status":"publish","type":"page","link":"https:\/\/digitaljustice.uwr.edu.pl\/en\/presentations\/","title":{"rendered":"Presentations"},"content":{"rendered":"\n<div class=\"wp-block-ugb-container ugb-container ugb-8dda971 ugb-container--v2 ugb-container--design-plain ugb-main-block\"><div class=\"ugb-inner-block\"><div class=\"ugb-block-content\"><div class=\"ugb-container__wrapper ugb-8dda971-wrapper\"><div class=\"ugb-container__side\"><div class=\"ugb-container__content-wrapper ugb-8dda971-content-wrapper\">\n<div class=\"wp-block-columns bs-news-page is-layout-flex wp-block-columns-is-layout-flex\">\n<div class=\"wp-block-column bs-kontakt-photo is-layout-flow wp-block-column-is-layout-flow\">\n<figure class=\"wp-block-image size-large\"><img loading=\"lazy\" decoding=\"async\" width=\"768\" height=\"1024\" src=\"https:\/\/digitaljustice.uwr.edu.pl\/wp-content\/uploads\/sites\/21\/2022\/11\/fe99180b-e227-4d7e-941f-663a2e552ded-768x1024.jpg\" alt=\"x\" class=\"wp-image-16794\" srcset=\"https:\/\/digitaljustice.uwr.edu.pl\/wp-content\/uploads\/sites\/21\/2022\/11\/fe99180b-e227-4d7e-941f-663a2e552ded-768x1024.jpg 768w, https:\/\/digitaljustice.uwr.edu.pl\/wp-content\/uploads\/sites\/21\/2022\/11\/fe99180b-e227-4d7e-941f-663a2e552ded-225x300.jpg 225w, https:\/\/digitaljustice.uwr.edu.pl\/wp-content\/uploads\/sites\/21\/2022\/11\/fe99180b-e227-4d7e-941f-663a2e552ded-1152x1536.jpg 1152w, https:\/\/digitaljustice.uwr.edu.pl\/wp-content\/uploads\/sites\/21\/2022\/11\/fe99180b-e227-4d7e-941f-663a2e552ded-18x24.jpg 18w, https:\/\/digitaljustice.uwr.edu.pl\/wp-content\/uploads\/sites\/21\/2022\/11\/fe99180b-e227-4d7e-941f-663a2e552ded-27x36.jpg 27w, https:\/\/digitaljustice.uwr.edu.pl\/wp-content\/uploads\/sites\/21\/2022\/11\/fe99180b-e227-4d7e-941f-663a2e552ded-36x48.jpg 36w, https:\/\/digitaljustice.uwr.edu.pl\/wp-content\/uploads\/sites\/21\/2022\/11\/fe99180b-e227-4d7e-941f-663a2e552ded.jpg 1200w\" sizes=\"auto, (max-width: 768px) 100vw, 768px\" \/><\/figure>\n<\/div>\n\n\n\n<div class=\"wp-block-column bs-contact-right-column is-layout-flow wp-block-column-is-layout-flow\">\n<div class=\"wp-block-bonasoft-modular-breadcrumbs-block\"><div class=\"bs_add_breadcrumb_trail\"><\/div><\/div>\n\n\n\n<hr class=\"wp-block-separator has-text-color has-black-color has-css-opacity has-black-background-color has-background is-style-wide bs-border-kontakt\"\/>\n\n\n\n<h1 class=\"wp-block-heading bs-naglowek-podstrony\"><strong>Presentations<\/strong><\/h1>\n\n\n\n<p>Our researchers have been participating in international and national conferences, where they share the results of their research in English and Polish.<\/p>\n\n\n\n<p>The speeches cover the research interests of the Digital Justice Center.<\/p>\n\n\n\n<p>You can find the full list of our presentations below:<\/p>\n<\/div>\n<\/div>\n\n\n\n<div class=\"wp-block-ugb-container ugb-container bs-news-page-under ugb-f8694ce ugb-container--v2 ugb-container--design-plain ugb-main-block\"><div class=\"ugb-inner-block\"><div class=\"ugb-block-content\"><div class=\"ugb-container__wrapper ugb-f8694ce-wrapper\"><div class=\"ugb-container__side\"><div class=\"ugb-container__content-wrapper ugb-f8694ce-content-wrapper\">\n<p><strong>2025<\/strong><\/p>\n\n\n\n<ol class=\"wp-block-list\">\n<li>Michalina Marcia, <em>Safeguarding the right to legal assistance in digital proceedings for individuals deprived of liberty<\/em> &#8211; the DigiRights Project Final Conference: The Digitalisation of Defence Rights: Time for New Perspectives\u2026 And Directives? (January 30<em>\u2013<\/em>31, KU Leuven).<\/li>\n\n\n\n<li>Kamil Soba\u0144ski, <em>Toward the Digitalization of the Right to Interpretation: Lessons from the International Criminal Court<\/em> &#8211; the DigiRights Project Final Conference: The Digitalisation of Defence Rights: Time for New Perspectives\u2026 And Directives? (January 30<em>\u2013<\/em>31, KU Leuven).<\/li>\n\n\n\n<li>Kaja Kowalczewska, <em>Polish Insights into Forensic Technology: The Role of 3D Scanners in Crime Scene Investigations and International Criminal Justice<\/em> &#8211; the International Research and Practice Conference Topical Issues in the Development of the Ukrainian Forensic Science Area (January 31 2025, Kyiv).<\/li>\n\n\n\n<li>Wojciech Jasi\u0144ski, seminar No. 1 Nies\u0142uszne skazania w Polsce: rekomendacje w obszarach edukacji, legislacji i bada\u0144 at Instytut Wymiaru Sprawiedliwo\u015bci (March 7 2025, Warsaw).<\/li>\n\n\n\n<li>Karolina Kremens, <em>Robe or uniform? \u2013 the role of the prosecutor in preliminary investigation &#8211; <\/em>conference The Restoration of the Rule of Law in Polish Prosecution Service (March 20\u201321 2025, Warsaw).<\/li>\n\n\n\n<li>Robert Rybski, <em>Assessing the future of the EU Capital Markets Union through legal, factual and cultural perspective. Are we ready for a Gamestop saga in the EU? <\/em>&#8211; European Law and Cultural Diversity conference, organized by The Open University &amp; FernUniversit\u00e4t in Hagen (April 2 2025, Hagen).<\/li>\n\n\n\n<li>Katarzyna Goclik, <em>Interes publiczny w realizowaniu funkcji \u015bcigania<\/em>, conference X Wroc\u0142awskie Seminarium Karnoprocesowe: Funkcje procesowe. Mi\u0119dzy teori\u0105 a praktyk\u0105 (April 7-8 2025, Uniwersytet Wroc\u0142awski).<\/li>\n\n\n\n<li>Kamil Soba\u0144ski, <em>The Right to be Present and Remote Participation in International Criminal Court Trials<\/em> &#8211; Maastricht Institute for Criminal Sciences lunch seminar (April 23 2025, Maastricht University).<\/li>\n\n\n\n<li>Wojciech Jasi\u0144ski, seminar No. 2 Nies\u0142uszne skazania w Polsce: rekomendacje w obszarach edukacji, legislacji i bada\u0144 at Instytut Wymiaru Sprawiedliwo\u015bci (April 25 2025, Warsaw).<\/li>\n\n\n\n<li>Dominika Ku\u017anicka-B\u0142aszkowska, <em>Medical Secrecy in the European Health Data Space: Reconciling Data Sharing with Privacy, Proportionality, and the One Health Approach <\/em>at HEALTH, LAW, AND TECHNOLOGY (HELT) SYMPOSIUM 2024 (April 25&nbsp;2025, Bruxelles).<\/li>\n\n\n\n<li>Michalina Marcia,&nbsp;<em>Legal Safeguards Against AI-Induced Bias:&nbsp;<\/em>14th Conference on the Future of Adversarial and Inquisitorial Systems, Max Planck Institute for the Study of Crime, Security and Law, (May 7\u20139 2025, Freiburg).<\/li>\n\n\n\n<li>Ewa G\u00f3rska, <em>Ottoman Land and Law: Contemporary Applications and Implications in the Israeli Judicial System<\/em>, Legal Survivals and Global Legal Pluralism workshop (May 8-9 2025, Onati International Institute for the Sociology of Law).<\/li>\n\n\n\n<li>Kamil Soba\u0144ski, <em>Rethinking Public Access to Criminal Trials in the Context of Virtual Justice<\/em> &#8211; European Journal of Crime, Criminal Law and Criminal Justice&#8217;s Virtual Justice in Europe seminar (May 14 2025, University of Wroc\u0142aw).<\/li>\n\n\n\n<li>Kamil Soba\u0144ski, <em>Perspectives on Victims Interests and Remote Participation in International Criminal Court Proceedings<\/em> &#8211; Young Dutch Penalists Group  (YOUNGIS) workshop (May 20 2025, Universiteit Leiden \u2013 Campus Den Haag).<\/li>\n\n\n\n<li>Karolina Kremens, <em>Zmiany w strukturze Prokuratury i jej niezale\u017cno\u015b\u0107 zewn\u0119trzna<\/em> &#8211; conference Prokuratura w procesie &#8211; korekta czy (od)nowa? (May 22\u201323 2025, Krak\u00f3w).<\/li>\n\n\n\n<li>Wojciech Jasi\u0144ski, <em>Negotiated justice \u2013 Polish perspective&nbsp;<\/em>on panel&nbsp;<em>European Perspectives on Negotiated Justice<\/em>, 3rd Michele Taruffo Girona Evidence Week (June 2\u20136 2025, Girona).<\/li>\n\n\n\n<li>Karolina Kremens, Kamil Soba\u0144ski, participation in the Workshop for the Expert Research Group: Best Practices for Remote Participation in Criminal Proceedings (June 12\u201313 2025, the International Institute for the Sociology of Law in O\u00f1ati).<\/li>\n\n\n\n<li>Kaja Kowalczewska,&nbsp;<em>Autonomiczna si\u0142a, rozproszona odpowiedzialno\u015b\u0107? Wyzwania etyczne i prawne wojskowego zastosowania AI<\/em> &#8211;&nbsp;I Kongres &#8220;Human AI. Spo\u0142ecze\u0144stwo &#8211; Technologie &#8211; Rozw\u00f3j &#8211; Edukacja &#8211; Bezpiecze\u0144stwo\u201d (June 12 2025, Uniwersytet Wroc\u0142awski).<\/li>\n\n\n\n<li>Dominika Ku\u017anicka-B\u0142aszkowska, <em>DSA as an attempt to build resilience and regulate deepfakes in the EU-<\/em>Digital Single Market &amp; Free Flow of Information (June 16\u201317, 2025 at the Adam Mickiewicz University Faculty of Law by Jean Monnet Chair dig_INFlow).<\/li>\n\n\n\n<li>Katarzyna Parchimowicz, <em>A Market for Limes: The Information View on Green Banking Regulation<\/em> (coauthored with Edoardo Martino), 4th Annual Conference on Financial Law and Regulation at the The City Law School City St George\u2019s, University of London (July 3 2025, London).<\/li>\n\n\n\n<li>Ewa G\u00f3rska, <em>Decolonizing the Sociology of Law in Central and Eastern Europe: Rethinking Legal Discourses and Colonial Legacies<\/em>, 5th ISA Forum of Sociology (July 6\u201311 2025, Rabat).&nbsp;<\/li>\n\n\n\n<li>Anna Juzaszek, <em>The Twilight of the Right to Marry. Remarks on Article 12 of the European Convention on Human Rights<\/em>,&nbsp;5th ISA Forum of Sociology (6\u201311 July 2025, Rabat).&nbsp;<\/li>\n\n\n\n<li>Wojciech Jasi\u0144ski &amp; Dorota Czerwi\u0144ska, <em>European Court of Human Rights\u2019 Approach to the Right Not to Incriminate Oneself: In Quest for Clarity and Consistency<\/em>, Eurocrim 2025 Logos of Crime &amp; Punishment (September 3\u20136, Athens).<\/li>\n\n\n\n<li>Karolina Kremens, <em>Virtual Criminal Justice &amp; Digital Inclusion<\/em>, Eurocrim 2025 Logos of Crime &amp; Punishment (September 3\u20136, Athens).<\/li>\n\n\n\n<li>Katarzyna Parchimowicz,&nbsp;<em>From Tweets to Turmoil: Can EU Digital Services Act mitigate adverse impact of social media on financial system?<\/em>, European Law Unbound Society (ELU-S) Conference, Charles University, (26 September 2025, Prague).<\/li>\n\n\n\n<li>Dominika Ku\u017anicka-B\u0142aszkowska,&nbsp;<em>Deepfakes, Financial Stability and Regulation: Navigating the Risks of Synthetic Media<\/em>, European Law Unbound Society (ELU-S) Conference, Charles University, (September 27 2025, Prague).<\/li>\n\n\n\n<li>Katarzyna Goclik, <em>The Challenges of Universal Jurisdiction in the Polish Legal System<\/em>, conference Aktuelle Rechtsenwicklungen in &nbsp;Deutschland, Polen und Tschechien 2025 (October 10\u201311 2025, Charles University).<\/li>\n\n\n\n<li>Wojciech Jasi\u0144ski, panelist at the plenary session, X Zjazd Katedr i Zak\u0142ad\u00f3w Post\u0119powania Karnego (October 13\u201314 2025, Pozna\u0144).<\/li>\n\n\n\n<li>Karolina Kremens, panelist at the plenary session, X Zjazd Katedr i Zak\u0142ad\u00f3w Post\u0119powania Karnego (October 13\u201314 2025, Pozna\u0144).<\/li>\n\n\n\n<li>Katarzyna Parchimowicz, participation in panel &#8216;B2 w bankach \u2013 czy to si\u0119 sprawdza?\u2019 at Kongres Efektywnej Komunikacji (28 October 2025, Warsaw).&nbsp;<\/li>\n\n\n\n<li>Dominika Ku\u017anicka-B\u0142aszkowska, <em>Censorship by Proxy: Platform Power and the Future of Free Speech under the Digital Services Ac<\/em>t, conference Rights, Powers and Remedies in the Automation Era (October 30\u201331 2025, Universit\u00e0 Bocconi).<\/li>\n\n\n\n<li>Karolina Kremens, <em>Between Reform and Resistance: The Challenges of the EPPO in Poland<\/em>, conference The Future of the Anti-Fraud Architecture, University of Luxembourg, (November 20\u201321 2025, Luxembourg).<\/li>\n\n\n\n<li>Aleksandra Bodzioch, <em>Transforming Communication with Crime Victims: Balancing Technology, Plain Language, and Human Connection<\/em>, conference From East to West: Advancing Victims\u2019 Rights in a Global Context, Institute of Law Studies of the Polish Academy of Sciences (November 27 2025, Warsaw).<\/li>\n\n\n\n<li>Kamil Soba\u0144ski, <em>Advancing Victims\u2019 Rights and the Digitalisation of Criminal Trials Through the Lens of the International Criminal Court<\/em>, conference From East to West: Advancing Victims\u2019 Rights in a Global Context, Institute of Law Studies of the Polish Academy of Sciences (November 27 2025, Warsaw).<\/li>\n\n\n\n<li>Aleksandra Bodzioch, <em>Prawo do informacji os\u00f3b pokrzywdzonych w erze cyfrowej<\/em>, conference I am not a cat! Post\u0119powanie karne wobec wyzwa\u0144 nowych technologii, Instytut Nauk Prawnych Polskiej Akademii Nauk (November 28 2025, Warsaw).<\/li>\n\n\n\n<li>Kalina Romanowska, <em>Zaszyfrowane dowody elektroniczne \u2013 wyzwania dla post\u0119powania karnego<\/em>, conference I am not a cat! Post\u0119powanie karne wobec wyzwa\u0144 nowych technologii, Instytut Nauk Prawnych Polskiej Akademii Nauk (November 28 2025, Warsaw).<\/li>\n\n\n\n<li>Katarzyna Goclik, <em>Znaczenie dowod\u00f3w elektronicznych w post\u0119powaniach opartych na zasadzie jurysdykcji uniwersalnej<\/em>, conference I am not a cat! Post\u0119powanie karne wobec wyzwa\u0144 nowych technologii, Instytut Nauk Prawnych Polskiej Akademii Nauk (November 28 2025, Warsaw).<\/li>\n\n\n\n<li>Kamil Soba\u0144ski, <em>Konieczne ust\u0119pstwo czy niepowtarzalna szansa: Mi\u0119dzynarodowy Trybuna\u0142 Karny a udzia\u0142 zdalny w procesie karnym<\/em>, conference I am not a cat! Post\u0119powanie karne wobec wyzwa\u0144 nowych technologii, Instytut Nauk Prawnych Polskiej Akademii Nauk (November 28 2025, Warsaw).<\/li>\n\n\n\n<li>Kaja Kowalczewska,&nbsp;<em>Prawne i etyczne wyzwania zwi\u0105zane z zastosowaniem \u015bmierciono\u015bnych system\u00f3w opartych na AI, conference:&nbsp;<\/em>Druga Uniwersytecka Konferencja &#8220;Artificial Intelligence \u2200&#8221;(December 12 2025, Wroc\u0142aw).<\/li>\n\n\n\n<li>Karolina Kremens,&nbsp;<em>Algorytmy a sprawiedliwo\u015b\u0107: jak sztuczna inteligencja zmieniaj\u0105c proces karny dyskryminuje jego uczestnik\u00f3w, conference:&nbsp;<\/em>Druga Uniwersytecka Konferencja &#8220;Artificial Intelligence \u2200&#8221;(December 12 2025, Wroc\u0142aw).<\/li>\n<\/ol>\n\n\n\n<p><strong>2024<\/strong><\/p>\n\n\n\n<ol class=\"wp-block-list\">\n<li>Kaja Kowalczewska, <em>The importance of a two-way dialogue and the necessity for partnerships in prosecuting core international crimes &#8211; <\/em>Seminar &#8220;Collecting digital evidence during armed conflicts: response to international crimes in the times of hybrid warfare&#8221;&nbsp;(January 23, the Arctic University of Norway (UiT) in Troms\u00f8).<\/li>\n\n\n\n<li>Kamil Soba\u0144ski, <em>Is There a Defendant\u2019s Right to Be (Online) Present in the Trial Before the International Criminal Court?<\/em> \u2013 the 3rd Doctoral Seminar on International Criminal Law, International Humanitarian Law and International Human Rights Law (March 18<em>\u2013<\/em>19, the Siracusa International Institute for Criminal Justice and Human Rights)<\/li>\n\n\n\n<li>Katarzyna Parchimowicz, Navigating Legal Risks in Central Banking: Enhancing Governance and Compliance &#8211; Central Banking Course (March 19\u201321, online).<\/li>\n\n\n\n<li>Wojciech Jasi\u0144ski, <em>Where to place legal safeguards in the European Investigation Order (EIO) procedure? Controversies over issuing an EIO regarding information covered by banking secrecy in Poland<\/em> &#8211; MEIOR Conference (March 25\u201326, Leuven).<\/li>\n\n\n\n<li>Kamil Soba\u0144ski, <em>Virtual Justice. Remote proceedings before the International Criminal Court \u2013 threat or opportunity?<\/em> &#8211; the International Law Association (ILA) Young Researchers Seminar (April 5, Krak\u00f3w)<\/li>\n\n\n\n<li>Karolina Kremens, <em>Independent (?) Prosecutors in EU member states<\/em> &#8211; INPRIS\u2019 seminar (April 12<em>\u2013<\/em>13, Warsaw).<\/li>\n\n\n\n<li>Karolina Kremens, <em>Virtual Defendant \u2013 benefits and threats of remote presence of the accused in international criminal proceedings<\/em> <em>\u2013<\/em> Contemporary Challenges of International Criminal Justice (June 1, Krak\u00f3w).<\/li>\n\n\n\n<li>Karolina Kremens, <em>Videoconferences in the EU cross-border criminal proceedings under European Investigation Order<\/em> \u2013 the Virtual Criminal Justice Network Conference (June 10\u201311, Lund).<\/li>\n\n\n\n<li>Karolina Kremens, <em>International Criminal Law and Artificial Intelligence<\/em> <em>\u2013<\/em> XXI International Congress of the International Association of Penal Law (AIDP\/IAPL) on Artificial Intelligence and Criminal Law (June 25<em>\u2013<\/em>28, Paris).<\/li>\n\n\n\n<li>Wojciech Jasi\u0144ski, <em>Taming Pegasus \u2013 in quest for a fair balance between the protection of human rights and effective crime prevention and prosecution<\/em> &#8211; 2024 ICON Annual Conference \u201cThe Future of Public Law: Resilience, Sustainability, and Artificial Intelligence\u201d (July 8<em>\u2013<\/em>10, Madrid).<\/li>\n\n\n\n<li>Kaja Kowalczewska, Raphael Oidtmann, <em>Documenting Human Rights Atrocities for Eternity? \u2013 On the Contingency for a Joint Comprehensive Archives for Prosecuting International Crimes<\/em> &#8211; 19th Annual Conference of the European Society of International Law &#8220;Technological Change and International Law&#8221; (September 4, Vilnius).<\/li>\n\n\n\n<li>Kaja Kowalczewska, <em>Reforming International Criminal Law in Poland in Response to Russian Aggression on Ukraine &#8211; <\/em>International Online Conference &#8220;Adapting global justice to Russian crimes in Ukraine&#8221;&nbsp;(October 17, Mykolas Romeris University<em>)<\/em>.<\/li>\n\n\n\n<li>Aleksandra Bodzioch, <em>Changes in the System of Legal Notices: Analysis and Perspectives Based on Notices for Victims of Crime <\/em>\u2013 conference &#8220;Current Facets of the Criminal Process: Time for Change&#8221; (Szczecin, 4 November 2024).<\/li>\n\n\n\n<li>Katarzyna Goclik, <em>Methods of Case Selection \u2013 Social Harmfulness or Procedural Opportunism? \u2013 <\/em>conference &#8220;Current Facets of the Criminal Process: Time for Change&#8221; (Szczecin, 4 November 2024).<\/li>\n\n\n\n<li>Wojciech Jasi\u0144ski, <em>How public interest shapes the very essence of the right not to incriminate oneself \u2013 a critique of the European Court of Human Rights approach<\/em> \u2013 &#8220;the International Conference on the Right Not to Incriminate Oneself&#8221; (November 7, Brussels).<\/li>\n\n\n\n<li>Aleksandra Bodzioch, <em>Understanding Instructions for Victims: A Comparative Analysis of the Implementation of Directive 2012\/29 in Poland and France<\/em> \u2013 AIDP Young Penalists\u2019 PARK: Polish Academic Roundtable on Criminal Justice (November 15 2024, Pozna\u0144).<\/li>\n\n\n\n<li>Kamil Soba\u0144ski, <em>The Principle of Openness in Proceedings Before the International Criminal Court: Preliminary Research Findings and Methodological Analysis<\/em>&nbsp;\u2013 AIDP Young Penalists\u2019 PARK: Polish Academic Roundtable on Criminal Justice (November 15 2024, Pozna\u0144).<\/li>\n<\/ol>\n\n\n\n<p><strong>2023<\/strong><\/p>\n\n\n\n<ol class=\"wp-block-list\">\n<li>Michalina Marcia, <em>Artificial Intelligence and the right of defence \u2013 friends or foes?<\/em> &#8211; Digital in Law: International Scientific Conference on International, EU and Comparative Law issues. &#8220;Law in the Age of Modern Technologies&#8221; (February 10, University of Milan).<\/li>\n\n\n\n<li>Wojciech Jasi\u0144ski, <em>Compensation for wrongful convictions in comparative perspective<\/em> &#8211; presentation during a research stay as a visiting professor (February 2023, Complutense University of Madrid).<\/li>\n\n\n\n<li>Wojciech Jasi\u0144ski, <em>Reasonable Search. Between Effectiveness of Investigation and Rights of Individual<\/em> &#8211; International conference POLICE STOPS ACROSS EUROPE (February 28, the Hague).<\/li>\n\n\n\n<li>Wojciech Jasi\u0144ski, <em>Preventing wrongful convictions &#8211; what systemic solutions do we need? &#8211; <\/em>round table \u2018Wrongful Deprivation of Liberty\u2019 (March 22, Warsaw Bar Association).<\/li>\n\n\n\n<li>Katarzyna Parchimowicz, <em>History of Financial Regulation \u2013 Convergence Achieved in Waves<\/em> &#8211; presentation during the Authors\u2019 Workshop (April 20\u201321, Amsterdam).<\/li>\n\n\n\n<li>Dorota Czerwi\u0144ska,&nbsp;<em>(Un)biased negotiated justice<\/em> &#8211;&nbsp;12th Conference on the future of adversarial and inquisitorial systems &#8220;Bias and criminal justice&#8221; (May 17, University of Bologna).<\/li>\n\n\n\n<li>Kaja Kowalczewska,<em> &#8220;The Fog of war&#8221; as a bias factor in criminal proceedings<\/em> &#8211; 12th Conference on the future of adversarial and inquisitorial systems &#8220;Bias and criminal justice&#8221; (May 17, University of Bologna).<\/li>\n\n\n\n<li>Karolina Kremens,&nbsp;<em>This is a Man&#8217;s World &#8211;&nbsp;Gender Bias in Digitalized Criminal Justice<\/em> &#8211;&nbsp;12th Conference on the future of adversarial and inquisitorial systems &#8220;Bias and criminal justice&#8221; (May 19, University of Bologna).<\/li>\n\n\n\n<li>Kaja Kowalczewska,<em>&nbsp;Digital evidence in the prosecution of war criminals as a new field of research&nbsp;<\/em>\u2013 15th International Humanitarian Law Conference &#8220;New technologies on the modern battlefield&#8221; (May 30, Polish Naval Academy).<\/li>\n\n\n\n<li>Kaja Kowalczewska,&nbsp;<em>AI: when to say stop? A perspective on the development of AI in the context of military and civilian applications&nbsp;<\/em>\u2013 DroniadaTech Conference (June 1, Silesian University of Technology).<\/li>\n\n\n\n<li>Wojciech Jasi\u0144ski, <em>Acquisition and use of information from data carriers in the criminal process<\/em> \u2013 the conference New Horizons of Criminal Proceedings (June 2, Faculty of Law and Administration of the University of Gda\u0144sk).<\/li>\n\n\n\n<li>Michalina Marcia, <em>The use of Artificial Intelligence in criminal proceedings in the defence rights context<\/em> \u2013 the 19th ICAIL (International Conference on Artificial Intelligence and Law 2023) (University of Minho Law School).<\/li>\n\n\n\n<li>Wojciech Jasi\u0144ski, <em>Miscarriages of justice in Poland \u2013 the Komenda case<\/em> \u2013 the Annual Conference of the European Society of Psychology and Law (July 4\u20137, Cluj-Napoca).<\/li>\n\n\n\n<li>Wojciech Jasi\u0144ski, <em>Politicisation of police stops in Poland \u2013 causes, consequences and responses<\/em> \u2013 the Annual Conference of the European Society of Criminology EUROCRIM 2023 (September 6\u20139, Florence).<\/li>\n\n\n\n<li>Katarzyna Parchimowicz, <em>Do Not Get Lost in the Cloud. How EU Financial Institutions Could Avoid Legal and Practical Problems with Cloud Services Arising under DORA<\/em> \u2013 ECB Legal Research Programme Seminar (September 7, Frankfurt).<\/li>\n\n\n\n<li>Kaja Kowalczewska,&nbsp;<em>Digitalization and democratization of documenting efforts for international criminal justice: how much space for revictimization sensitivity. Polish insights from Ukrainian war experience<\/em>&nbsp;\u2013&nbsp;11th International Association of Penal Law (AIDP) Young Penalists Symposium (September 14, Ritsumeikan University).<\/li>\n\n\n\n<li>Wojciech Jasi\u0144ski, <em>Directive 2016\/343 and its influence on strengthening the protection of the presumption of innocence in Poland <\/em>\u2013 The Impact of European and International Law on Criminal Procedure (October 13, Faculty of Law and Administration of Maria Curie \u2013 Sk\u0142odowska University, Lublin).<\/li>\n\n\n\n<li>Kaja Kowalczewska, <em>Forging Alliances for Justice: Bridging the Gap Between Public Authorities and NGOs in Investigating Core International Crimes<\/em> \u2013 The Impact of European and International Law on Criminal Procedure (October 13, Faculty of Law and Administration of Maria Curie \u2013 Sk\u0142odowska University, Lublin).<\/li>\n\n\n\n<li>Karolina Kremens, <em>Digital evidence in investigating and prosecuting international crimes in Ukraine \u2013 Prosecution of Crimes in Ukraine and Automated Weapons under the Law of War<\/em> (December 6, Croatian Group of AIDP, Opatija).<\/li>\n\n\n\n<li>Kaja Kowalczewska, <em>Why military robots should not look like humans \u2013 Prosecution of Crimes in Ukraine and Automated Weapons under the Law of War<\/em> (December 6, Croatian Group of AIDP, Opatija).<\/li>\n<\/ol>\n\n\n\n<p><strong>2022<\/strong><\/p>\n\n\n\n<ol class=\"wp-block-list\">\n<li>Karolina Kremens,&nbsp;<em>Downfall of Implementation of EU Directives in Poland&nbsp;<\/em>\u2013 CrossJustice Final Conference (February 25, University of Bologna).&nbsp;<\/li>\n\n\n\n<li>Wojciech Jasi\u0144ski,&nbsp;<em>Domniemanie niewinno\u015bci i prawo do obecno\u015bci na rozprawie a zmiany w polskim k.p.k.&nbsp;<\/em>\u2013 workshops in The Office of the Commissioner for Human Rights for judges of common courts &#8220;Bezpo\u015brednie stosowanie prawa UE w post\u0119powaniu karnym \u2013 dyrektywy wdro\u017cone i post\u0119powanie w przypadku nierzetelnej implementacji&#8221; (March 29, Warsaw).&nbsp;<\/li>\n\n\n\n<li>Katarzyna Parchimowicz,&nbsp;<em>The increasing recourse to cloud services by the financial system<\/em>&nbsp;\u2013 presentation before experts and staff of the European Central Bank as part of the Legal Research Programme (April 12, online).&nbsp;<\/li>\n\n\n\n<li>Karolina Kremens,&nbsp;<em>Remote Searches of Cellphone Content<\/em>&nbsp;\u2013 international research seminar Criminal justice and Digitalization (May 16, University of Li\u00e8ge).&nbsp;<\/li>\n\n\n\n<li>Kaja Kowalczewska,&nbsp;<em>Meaningful human control as an international law norm in statu nascendi?<\/em>&nbsp;<em>\u2013<\/em> Warsaw Cyber Summit (June 14, Warsaw).&nbsp;<\/li>\n\n\n\n<li>Kaja Kowalczewska,&nbsp;<em>LAWS as a new iteration of the &#8220;thinking bayonet&#8221; doctrine \u2013 can the LOAC algorithmization contribute to the humanization of wars?<\/em>&nbsp;<em>\u2013<\/em> 80th Biennial Conference of International Law Association (June 22, Lisbon).&nbsp;<\/li>\n\n\n\n<li>Kaja Kowalczewska,&nbsp;<em>Three considerations that render the integration of Big Tech into the regulation of international justice inevitable<\/em>&nbsp;\u2013 ICONs&nbsp;Global Problems and Prospects in Public Law&nbsp;(July 4, Wroc\u0142aw).&nbsp;<\/li>\n\n\n\n<li>Wojciech Jasi\u0144ski,&nbsp;<em>The role of the European Court of Human Rights in shaping common European standard regarding searches<\/em>&nbsp;<em>\u2013<\/em> ICONs&nbsp;Global Problems and Prospects in Public Law&nbsp;(July 5, Wroc\u0142aw).&nbsp;<\/li>\n\n\n\n<li>Kaja Kowalczewska, Karina Denari Gomes de Mattos,&nbsp;<em>The role of the third sector in man-made disasters: the Brazilian and Polish Red Cross Associations case study<\/em>&nbsp;\u2013 ICONs&nbsp;Global Problems and Prospects in Public Law&nbsp;(July 5, Wroc\u0142aw).&nbsp;<\/li>\n\n\n\n<li>Karolina Kremens,&nbsp;<em>Digital searches in Poland in the light of the Pegasus spyware scandal<\/em>&nbsp;\u2013 ICONs&nbsp;Global Problems and Prospects in Public Law&nbsp;(July 5, Wroc\u0142aw).&nbsp;<\/li>\n\n\n\n<li>Wojciech Jasi\u0144ski,&nbsp;<em>Compensation for wrongful convictions &#8211; a comparative perspective<\/em>&nbsp;<em>\u2013<\/em>&nbsp;EUROCRIM 2022 Annual Conference of the European Society of Criminology (September 24, Malaga).&nbsp;<\/li>\n\n\n\n<li>Karolina Kremens,&nbsp;<em>Limits of Powers of Public Authority during Investigation \u2013 Example of Search in Poland<\/em>&nbsp;\u2013 General Congress of International Academy of Comparative Law (IACL) (October 23<em>\u2013<\/em>28, Asuncion).&nbsp;<\/li>\n\n\n\n<li>Katarzyna Parchimowicz,&nbsp;<em>Do not get lost in the cloud. How EU financial institutions could avoid legal and practical issues with cloud services<\/em>&nbsp;\u2013 Young Talents in Law &amp; Finance conference organized by the Amsterdam Center for Law and Economics &amp; Young Scholars Initiative (October 27<em>\u2013<\/em>28, University of Amsterdam).&nbsp;&nbsp;<\/li>\n\n\n\n<li>Katarzyna Parchimowicz,&nbsp;<em>Risks beneath the boards: megabanks and AML regulation<\/em>&nbsp;\u2013 Amsterdam Center for Law and Economics Internal Seminar (November 1, University of Amsterdam).&nbsp;&nbsp;<\/li>\n\n\n\n<li>Michalina Marcia, <em>Balancing freedom of expression with democratic elections in the age of Artificial Intelligence<\/em> <em>\u2013<\/em> Workshop on Human Rights and Democracy (December 12<em>\u2013<\/em>14, University of Palermo)&nbsp;<\/li>\n<\/ol>\n\n\n\n<p><strong>2021<\/strong><\/p>\n\n\n\n<ol class=\"wp-block-list\">\n<li>Karolina Kremens,<em> Expression of Consent<\/em> \u2013 international conference &#8220;Consent in Sexual Relations \u2013 A Comparative Perspective&#8221; (September 23<em>\u2013<\/em>24, online).&nbsp;<\/li>\n\n\n\n<li>Wojciech Jasi\u0144ski, <em>Models of Regulating Sexual Offences<\/em> \u2013 international conference &#8220;Consent in Sexual Relations \u2013 A Comparative Perspective&#8221; (September 23<em>\u2013<\/em>24, online).&nbsp;<\/li>\n\n\n\n<li>Karolina Kremens,<em> The Internationalization of the Common Standard for Cellphone Searches<\/em> \u2013 international conference American Society of Comparative Law (October 21, online).&nbsp;<\/li>\n\n\n\n<li>Karolina Kremens, <em>Proces karny \u2013 kierunki zmian<\/em> <em>\u2013<\/em> Debate of the Helsinki Foundation for Human Rights (October 25, online).&nbsp;<\/li>\n<\/ol>\n<\/div><\/div><\/div><\/div><\/div><\/div>\n<\/div><\/div><\/div><\/div><\/div><\/div>\n","protected":false},"excerpt":{"rendered":"<p>Presentations Our researchers have been participating in international and national conferences, where they share the results of their research in English and Polish. The speeches cover the research interests of the Digital Justice Center. You can find the full list of our presentations below: 2025 2024 2023 2022 2021<\/p>\n","protected":false},"author":52,"featured_media":0,"parent":0,"menu_order":0,"comment_status":"closed","ping_status":"closed","template":"","meta":{"_acf_changed":false,"inline_featured_image":false,"site-sidebar-layout":"default","site-content-layout":"","ast-site-content-layout":"default","site-content-style":"default","site-sidebar-style":"default","ast-global-header-display":"","ast-banner-title-visibility":"","ast-main-header-display":"","ast-hfb-above-header-display":"","ast-hfb-below-header-display":"","ast-hfb-mobile-header-display":"","site-post-title":"","ast-breadcrumbs-content":"","ast-featured-img":"","footer-sml-layout":"","ast-disable-related-posts":"","theme-transparent-header-meta":"","adv-header-id-meta":"","stick-header-meta":"","header-above-stick-meta":"","header-main-stick-meta":"","header-below-stick-meta":"","astra-migrate-meta-layouts":"set","ast-page-background-enabled":"default","ast-page-background-meta":{"desktop":{"background-color":"","background-image":"","background-repeat":"repeat","background-position":"center center","background-size":"auto","background-attachment":"scroll","background-type":"","background-media":"","overlay-type":"","overlay-color":"","overlay-opacity":"","overlay-gradient":""},"tablet":{"background-color":"","background-image":"","background-repeat":"repeat","background-position":"center center","background-size":"auto","background-attachment":"scroll","background-type":"","background-media":"","overlay-type":"","overlay-color":"","overlay-opacity":"","overlay-gradient":""},"mobile":{"background-color":"","background-image":"","background-repeat":"repeat","background-position":"center center","background-size":"auto","background-attachment":"scroll","background-type":"","background-media":"","overlay-type":"","overlay-color":"","overlay-opacity":"","overlay-gradient":""}},"ast-content-background-meta":{"desktop":{"background-color":"var(--ast-global-color-5)","background-image":"","background-repeat":"repeat","background-position":"center center","background-size":"auto","background-attachment":"scroll","background-type":"","background-media":"","overlay-type":"","overlay-color":"","overlay-opacity":"","overlay-gradient":""},"tablet":{"background-color":"var(--ast-global-color-5)","background-image":"","background-repeat":"repeat","background-position":"center center","background-size":"auto","background-attachment":"scroll","background-type":"","background-media":"","overlay-type":"","overlay-color":"","overlay-opacity":"","overlay-gradient":""},"mobile":{"background-color":"var(--ast-global-color-5)","background-image":"","background-repeat":"repeat","background-position":"center center","background-size":"auto","background-attachment":"scroll","background-type":"","background-media":"","overlay-type":"","overlay-color":"","overlay-opacity":"","overlay-gradient":""}},"footnotes":""},"categories":[],"tags":[],"class_list":["post-17400","page","type-page","status-publish","hentry"],"featured_image_urls_v2":{"full":"","thumbnail":"","medium":"","medium_large":"","large":"","1536x1536":"","2048x2048":"","menu-24x24":"","menu-36x36":"","menu-48x48":""},"post_excerpt_stackable_v2":"<p>Presentations Our researchers have been participating in international and national conferences, where they share the results of their research in English and Polish. The speeches cover the research interests of the Digital Justice Center. You can find the full list of our presentations below: 2025 Michalina Marcia, Safeguarding the right to legal assistance in digital proceedings for individuals deprived of liberty &#8211; the DigiRights Project Final Conference: The Digitalisation of Defence Rights: Time for New Perspectives\u2026 And Directives? (January 30\u201331, KU Leuven). Kamil Soba\u0144ski, Toward the Digitalization of the Right to Interpretation: Lessons from the International Criminal Court &#8211; the&hellip;<\/p>\n","category_list_v2":"Uncategorized","author_info_v2":{"name":"wojciechglodek","url":"https:\/\/digitaljustice.uwr.edu.pl\/en\/author\/wojciechglodek\/"},"comments_num_v2":"0 comments","acf":[],"yoast_head":"<!-- This site is optimized with the Yoast SEO plugin v27.1.1 - https:\/\/yoast.com\/product\/yoast-seo-wordpress\/ -->\n<title>Presentations - Digital Justice Center<\/title>\n<meta name=\"description\" content=\"The Digital Justice Center was established as part of the \u201cExcellence Initiative \u2013 Research University\u201d program at the University of Wroclaw which is one of ten Research Universities in Poland.\" \/>\n<meta name=\"robots\" content=\"index, follow, max-snippet:-1, max-image-preview:large, max-video-preview:-1\" \/>\n<link rel=\"canonical\" href=\"https:\/\/digitaljustice.uwr.edu.pl\/en\/presentations\/\" \/>\n<meta property=\"og:locale\" content=\"en_US\" \/>\n<meta property=\"og:type\" content=\"article\" \/>\n<meta property=\"og:title\" content=\"Presentations - Digital Justice Center\" \/>\n<meta property=\"og:description\" content=\"The Digital Justice Center was established as part of the \u201cExcellence Initiative \u2013 Research University\u201d program at the University of Wroclaw which is one of ten Research Universities in Poland.\" \/>\n<meta property=\"og:url\" content=\"https:\/\/digitaljustice.uwr.edu.pl\/en\/presentations\/\" \/>\n<meta property=\"og:site_name\" content=\"Digital Justice Center\" \/>\n<meta property=\"article:modified_time\" content=\"2026-02-18T15:23:19+00:00\" \/>\n<meta property=\"og:image\" content=\"https:\/\/digitaljustice.uwr.edu.pl\/wp-content\/uploads\/sites\/21\/2022\/11\/fe99180b-e227-4d7e-941f-663a2e552ded.jpg\" \/>\n\t<meta property=\"og:image:width\" content=\"1200\" \/>\n\t<meta property=\"og:image:height\" content=\"1600\" \/>\n\t<meta property=\"og:image:type\" content=\"image\/jpeg\" \/>\n<meta name=\"twitter:card\" content=\"summary_large_image\" \/>\n<meta name=\"twitter:label1\" content=\"Est. reading time\" \/>\n\t<meta name=\"twitter:data1\" content=\"13 minutes\" \/>\n<script type=\"application\/ld+json\" class=\"yoast-schema-graph\">{\"@context\":\"https:\/\/schema.org\",\"@graph\":[{\"@type\":\"WebPage\",\"@id\":\"https:\/\/digitaljustice.uwr.edu.pl\/en\/presentations\/\",\"url\":\"https:\/\/digitaljustice.uwr.edu.pl\/en\/presentations\/\",\"name\":\"Presentations - Digital Justice Center\",\"isPartOf\":{\"@id\":\"https:\/\/digitaljustice.uwr.edu.pl\/en\/#website\"},\"primaryImageOfPage\":{\"@id\":\"https:\/\/digitaljustice.uwr.edu.pl\/en\/presentations\/#primaryimage\"},\"image\":{\"@id\":\"https:\/\/digitaljustice.uwr.edu.pl\/en\/presentations\/#primaryimage\"},\"thumbnailUrl\":\"https:\/\/digitaljustice.uwr.edu.pl\/wp-content\/uploads\/sites\/21\/2022\/11\/fe99180b-e227-4d7e-941f-663a2e552ded-768x1024.jpg\",\"datePublished\":\"2023-02-23T07:20:22+00:00\",\"dateModified\":\"2026-02-18T15:23:19+00:00\",\"description\":\"The Digital Justice Center was established as part of the \u201cExcellence Initiative \u2013 Research University\u201d program at the University of Wroclaw which is one of ten Research Universities in Poland.\",\"breadcrumb\":{\"@id\":\"https:\/\/digitaljustice.uwr.edu.pl\/en\/presentations\/#breadcrumb\"},\"inLanguage\":\"en-US\",\"potentialAction\":[{\"@type\":\"ReadAction\",\"target\":[\"https:\/\/digitaljustice.uwr.edu.pl\/en\/presentations\/\"]}]},{\"@type\":\"ImageObject\",\"inLanguage\":\"en-US\",\"@id\":\"https:\/\/digitaljustice.uwr.edu.pl\/en\/presentations\/#primaryimage\",\"url\":\"https:\/\/digitaljustice.uwr.edu.pl\/wp-content\/uploads\/sites\/21\/2022\/11\/fe99180b-e227-4d7e-941f-663a2e552ded-768x1024.jpg\",\"contentUrl\":\"https:\/\/digitaljustice.uwr.edu.pl\/wp-content\/uploads\/sites\/21\/2022\/11\/fe99180b-e227-4d7e-941f-663a2e552ded-768x1024.jpg\"},{\"@type\":\"BreadcrumbList\",\"@id\":\"https:\/\/digitaljustice.uwr.edu.pl\/en\/presentations\/#breadcrumb\",\"itemListElement\":[{\"@type\":\"ListItem\",\"position\":1,\"name\":\"Main Page\",\"item\":\"https:\/\/digitaljustice.uwr.edu.pl\/en\/\"},{\"@type\":\"ListItem\",\"position\":2,\"name\":\"Presentations\"}]},{\"@type\":\"WebSite\",\"@id\":\"https:\/\/digitaljustice.uwr.edu.pl\/en\/#website\",\"url\":\"https:\/\/digitaljustice.uwr.edu.pl\/en\/\",\"name\":\"Digital Justice Center\",\"description\":\"Kolejna witryna sieci \u201eUWR Witryny\u201d\",\"publisher\":{\"@id\":\"https:\/\/digitaljustice.uwr.edu.pl\/en\/#organization\"},\"potentialAction\":[{\"@type\":\"SearchAction\",\"target\":{\"@type\":\"EntryPoint\",\"urlTemplate\":\"https:\/\/digitaljustice.uwr.edu.pl\/en\/?s={search_term_string}\"},\"query-input\":{\"@type\":\"PropertyValueSpecification\",\"valueRequired\":true,\"valueName\":\"search_term_string\"}}],\"inLanguage\":\"en-US\"},{\"@type\":\"Organization\",\"@id\":\"https:\/\/digitaljustice.uwr.edu.pl\/en\/#organization\",\"name\":\"Digital Justice Center\",\"url\":\"https:\/\/digitaljustice.uwr.edu.pl\/en\/\",\"logo\":{\"@type\":\"ImageObject\",\"inLanguage\":\"en-US\",\"@id\":\"https:\/\/digitaljustice.uwr.edu.pl\/en\/#\/schema\/logo\/image\/\",\"url\":\"https:\/\/digitaljustice.uwr.edu.pl\/wp-content\/uploads\/sites\/21\/2025\/10\/UWr-logotyp-2025.png\",\"contentUrl\":\"https:\/\/digitaljustice.uwr.edu.pl\/wp-content\/uploads\/sites\/21\/2025\/10\/UWr-logotyp-2025.png\",\"width\":764,\"height\":269,\"caption\":\"Digital Justice Center\"},\"image\":{\"@id\":\"https:\/\/digitaljustice.uwr.edu.pl\/en\/#\/schema\/logo\/image\/\"}}]}<\/script>\n<!-- \/ Yoast SEO plugin. -->","yoast_head_json":{"title":"Presentations - Digital Justice Center","description":"The Digital Justice Center was established as part of the \u201cExcellence Initiative \u2013 Research University\u201d program at the University of Wroclaw which is one of ten Research Universities in Poland.","robots":{"index":"index","follow":"follow","max-snippet":"max-snippet:-1","max-image-preview":"max-image-preview:large","max-video-preview":"max-video-preview:-1"},"canonical":"https:\/\/digitaljustice.uwr.edu.pl\/en\/presentations\/","og_locale":"en_US","og_type":"article","og_title":"Presentations - Digital Justice Center","og_description":"The Digital Justice Center was established as part of the \u201cExcellence Initiative \u2013 Research University\u201d program at the University of Wroclaw which is one of ten Research Universities in Poland.","og_url":"https:\/\/digitaljustice.uwr.edu.pl\/en\/presentations\/","og_site_name":"Digital Justice Center","article_modified_time":"2026-02-18T15:23:19+00:00","og_image":[{"width":1200,"height":1600,"url":"https:\/\/digitaljustice.uwr.edu.pl\/wp-content\/uploads\/sites\/21\/2022\/11\/fe99180b-e227-4d7e-941f-663a2e552ded.jpg","type":"image\/jpeg"}],"twitter_card":"summary_large_image","twitter_misc":{"Est. reading time":"13 minutes"},"schema":{"@context":"https:\/\/schema.org","@graph":[{"@type":"WebPage","@id":"https:\/\/digitaljustice.uwr.edu.pl\/en\/presentations\/","url":"https:\/\/digitaljustice.uwr.edu.pl\/en\/presentations\/","name":"Presentations - Digital Justice Center","isPartOf":{"@id":"https:\/\/digitaljustice.uwr.edu.pl\/en\/#website"},"primaryImageOfPage":{"@id":"https:\/\/digitaljustice.uwr.edu.pl\/en\/presentations\/#primaryimage"},"image":{"@id":"https:\/\/digitaljustice.uwr.edu.pl\/en\/presentations\/#primaryimage"},"thumbnailUrl":"https:\/\/digitaljustice.uwr.edu.pl\/wp-content\/uploads\/sites\/21\/2022\/11\/fe99180b-e227-4d7e-941f-663a2e552ded-768x1024.jpg","datePublished":"2023-02-23T07:20:22+00:00","dateModified":"2026-02-18T15:23:19+00:00","description":"The Digital Justice Center was established as part of the \u201cExcellence Initiative \u2013 Research University\u201d program at the University of Wroclaw which is one of ten Research Universities in Poland.","breadcrumb":{"@id":"https:\/\/digitaljustice.uwr.edu.pl\/en\/presentations\/#breadcrumb"},"inLanguage":"en-US","potentialAction":[{"@type":"ReadAction","target":["https:\/\/digitaljustice.uwr.edu.pl\/en\/presentations\/"]}]},{"@type":"ImageObject","inLanguage":"en-US","@id":"https:\/\/digitaljustice.uwr.edu.pl\/en\/presentations\/#primaryimage","url":"https:\/\/digitaljustice.uwr.edu.pl\/wp-content\/uploads\/sites\/21\/2022\/11\/fe99180b-e227-4d7e-941f-663a2e552ded-768x1024.jpg","contentUrl":"https:\/\/digitaljustice.uwr.edu.pl\/wp-content\/uploads\/sites\/21\/2022\/11\/fe99180b-e227-4d7e-941f-663a2e552ded-768x1024.jpg"},{"@type":"BreadcrumbList","@id":"https:\/\/digitaljustice.uwr.edu.pl\/en\/presentations\/#breadcrumb","itemListElement":[{"@type":"ListItem","position":1,"name":"Main Page","item":"https:\/\/digitaljustice.uwr.edu.pl\/en\/"},{"@type":"ListItem","position":2,"name":"Presentations"}]},{"@type":"WebSite","@id":"https:\/\/digitaljustice.uwr.edu.pl\/en\/#website","url":"https:\/\/digitaljustice.uwr.edu.pl\/en\/","name":"Digital Justice Center","description":"Kolejna witryna sieci \u201eUWR Witryny\u201d","publisher":{"@id":"https:\/\/digitaljustice.uwr.edu.pl\/en\/#organization"},"potentialAction":[{"@type":"SearchAction","target":{"@type":"EntryPoint","urlTemplate":"https:\/\/digitaljustice.uwr.edu.pl\/en\/?s={search_term_string}"},"query-input":{"@type":"PropertyValueSpecification","valueRequired":true,"valueName":"search_term_string"}}],"inLanguage":"en-US"},{"@type":"Organization","@id":"https:\/\/digitaljustice.uwr.edu.pl\/en\/#organization","name":"Digital Justice Center","url":"https:\/\/digitaljustice.uwr.edu.pl\/en\/","logo":{"@type":"ImageObject","inLanguage":"en-US","@id":"https:\/\/digitaljustice.uwr.edu.pl\/en\/#\/schema\/logo\/image\/","url":"https:\/\/digitaljustice.uwr.edu.pl\/wp-content\/uploads\/sites\/21\/2025\/10\/UWr-logotyp-2025.png","contentUrl":"https:\/\/digitaljustice.uwr.edu.pl\/wp-content\/uploads\/sites\/21\/2025\/10\/UWr-logotyp-2025.png","width":764,"height":269,"caption":"Digital Justice Center"},"image":{"@id":"https:\/\/digitaljustice.uwr.edu.pl\/en\/#\/schema\/logo\/image\/"}}]}},"publishpress_future_action":{"enabled":false,"date":"2026-05-09 08:03:09","action":"change-status","newStatus":"draft","terms":[],"taxonomy":"category","extraData":[]},"publishpress_future_workflow_manual_trigger":{"enabledWorkflows":[]},"_links":{"self":[{"href":"https:\/\/digitaljustice.uwr.edu.pl\/en\/wp-json\/wp\/v2\/pages\/17400\/"}],"collection":[{"href":"https:\/\/digitaljustice.uwr.edu.pl\/en\/wp-json\/wp\/v2\/pages\/"}],"about":[{"href":"https:\/\/digitaljustice.uwr.edu.pl\/en\/wp-json\/wp\/v2\/types\/page\/"}],"author":[{"embeddable":true,"href":"https:\/\/digitaljustice.uwr.edu.pl\/en\/wp-json\/wp\/v2\/users\/52\/"}],"replies":[{"embeddable":true,"href":"https:\/\/digitaljustice.uwr.edu.pl\/en\/wp-json\/wp\/v2\/comments\/?post=17400"}],"version-history":[{"count":61,"href":"https:\/\/digitaljustice.uwr.edu.pl\/en\/wp-json\/wp\/v2\/pages\/17400\/revisions\/"}],"predecessor-version":[{"id":23527,"href":"https:\/\/digitaljustice.uwr.edu.pl\/en\/wp-json\/wp\/v2\/pages\/17400\/revisions\/23527\/"}],"wp:attachment":[{"href":"https:\/\/digitaljustice.uwr.edu.pl\/en\/wp-json\/wp\/v2\/media\/?parent=17400"}],"wp:term":[{"taxonomy":"category","embeddable":true,"href":"https:\/\/digitaljustice.uwr.edu.pl\/en\/wp-json\/wp\/v2\/categories\/?post=17400"},{"taxonomy":"post_tag","embeddable":true,"href":"https:\/\/digitaljustice.uwr.edu.pl\/en\/wp-json\/wp\/v2\/tags\/?post=17400"}],"curies":[{"name":"wp","href":"https:\/\/api.w.org\/{rel}","templated":true}]}}